{"id":849,"date":"2019-02-15T14:38:33","date_gmt":"2019-02-15T14:38:33","guid":{"rendered":"https:\/\/www.magistrimediterranei.org\/?post_type=portfolio&#038;p=849\/"},"modified":"2020-03-17T17:44:56","modified_gmt":"2020-03-17T17:44:56","slug":"cutrina-gallart-laia","status":"publish","type":"portfolio","link":"https:\/\/www.magistrimediterranei.org\/ca\/item\/cutrina-gallart-laia\/","title":{"rendered":"Cutrina Gallart, Laia"},"content":{"rendered":"<div class=\"flex_column av_three_fourth  flex_column_div av-zero-column-padding first  avia-builder-el-0  el_before_av_one_fourth  avia-builder-el-first  \" style='border-radius:0px; '><section class=\"av_textblock_section \"  itemscope=\"itemscope\" itemtype=\"https:\/\/schema.org\/CreativeWork\" ><div class='avia_textblock  '   itemprop=\"text\" ><div class=\"pos-description\">\n<div class=\"element element-textarea first last\">\n<h1 style=\"text-align: justify;\">Cutrina Gallart, Laia<\/h1>\n<\/div>\n<\/div>\n<div class=\"pos-summary\">\n<div class=\"element element-textarea first last\">\n<div class=\"pos-description\" style=\"text-align: justify; line-height: 1.5; display: inline !important;\">\n<div class=\"element element-textarea first last\" style=\"display: inline !important;\">\n<h3 style=\"display: inline !important; text-align: justify;\">BIOGRAFIA<\/h3>\n<p>Laia Cutrina Gallart (Campelles, 1996) \u00e9s graduada en Hist\u00f2ria de l\u2019Art per la Universitat Aut\u00f2noma de Barcelona (2018) amb Menci\u00f3 en Gesti\u00f3 del Patrimoni Art\u00edstic. Ha cursat el M\u00e0ster Oficial en An\u00e0lisi i Gesti\u00f3 del Patrimoni Art\u00edstic en la mateixa Universitat (2019), realitzant les pr\u00e0ctiques professionals a l\u2019\u00c0rea de Medieval del Museu Nacional d\u2019Art de Catalunya (MNAC). Compagina la seva formaci\u00f3 amb la tasca de guia tur\u00edstica en el Monestir de Santa Maria de Ripoll i forma part de la junta del Centre d\u2019Estudis Comarcals del Ripoll\u00e8s (CECR).<\/p>\n<p>Va gaudir d\u2019una Beca de col\u00b7laboraci\u00f3 amb el Departament d\u2019Art i Musicologia de la Universitat Aut\u00f2noma de Barcelona, atorgada pel Ministeri d\u2019Educaci\u00f3, Cultura i Esport, en el marc d\u2019aquest Projecte de Recerca del MICINN \u201c<em>Artistes, Patrons i P\u00fablic. Catalunya i el Mediterrani (s. XI-XV) \u2013MAGISTRI CATALONIAE<\/em>\u201d (HAR2011-23015). A ra\u00f3 de la seva condici\u00f3 de bec\u00e0ria, va realitzar tasques de suport en el Departament i diverses tasques de recerca en el Projecte. Igualment, ha participat i col\u00b7laborat amb l\u2019organitzaci\u00f3 de congressos, seminaris i jornades d\u2019estudi.<\/p>\n<p>Les seves l\u00ednies de investigaci\u00f3 se centren fonamentalment en l\u2019estudi de l\u2019art rom\u00e0nic de la Corona d\u2019Arag\u00f3, desenvolupant una recerca pionera sobre l\u2019aplicaci\u00f3 i significaci\u00f3 de la policromia sobre pedra i fusta. En aquest sentit, destaca el seu Treball Final de Grau \u201c<em>Descobrint el color: la policromia a l\u2019escultura arquitect\u00f2nica rom\u00e0nica de la Corona d\u2019Arag\u00f3<\/em>\u201d (2018). La seva tesi de m\u00e0ster tamb\u00e9 continu\u00e0 en la mateixa l\u00ednia amb l\u2019estudi de les majestats i creus de fusta pintades del rom\u00e0nic catal\u00e0, amb el t\u00edtol \u201c<em>Les Majestats i les creus pintades. Aplicaci\u00f3 i significaci\u00f3 del color a l\u2019escultura en fusta rom\u00e0nica<\/em>\u201d (2019).<\/p>\n<p>Actualment, desenvolupa el seu doctorat sota la supervisi\u00f3 dels professors Manuel Casti\u00f1eiras i Carles S\u00e1nchez (UAB). La seva tesi doctoral estudia <em>La policromia rom\u00e0nica en l\u2019escultura arquitect\u00f2nica dels comtats catalans. Aplicaci\u00f3, significaci\u00f3 i paral\u00b7lels transfronterers del color durant els segles XII \u2013 XIII<\/em>, emmarcada en aquest Projecte.<\/p>\n<p>Recentment, ha comen\u00e7at a gaudir d\u2019una Beca de Personal Investigador novell (FI), atorgada per l\u2019Ag\u00e8ncia de Gesti\u00f3 d\u2019Ajuts Universitaris i de Recerca (AGAUR) de la Generalitat de Catalunya, associada al Departament d\u2019Art i Musicologia de la UAB, en el marc d\u2019aquest Projecte de Investigaci\u00f3: &#8220;<em>Mobilitat i transfer\u00e8ncia art\u00edstica en el Mediterrani Medieval (1187 &#8211; 1388). Artistes, objectes i models\u201d &#8211; MAGISTRI MEDITERRANEI<\/em>.<\/p>\n<\/div>\n<\/div>\n<\/div>\n<\/div>\n<\/div><\/section><\/div>\n<div class=\"flex_column av_one_fourth  flex_column_div av-zero-column-padding   avia-builder-el-2  el_after_av_three_fourth  avia-builder-el-last  \" style='border-radius:0px; '><div class='avia-image-container  av-styling-    avia-builder-el-3  avia-builder-el-no-sibling  avia-align-center '  itemprop=\"image\" itemscope=\"itemscope\" itemtype=\"https:\/\/schema.org\/ImageObject\"  ><div class='avia-image-container-inner'><div class='avia-image-overlay-wrap'><img class='avia_image' src='https:\/\/www.magistrimediterranei.org\/wp-content\/uploads\/2019\/02\/5DE55296-C811-487A-B061-0556E484ED3D-1.jpeg' alt='' title='5DE55296-C811-487A-B061-0556E484ED3D' height=\"2560\" width=\"1920\"  itemprop=\"thumbnailUrl\"  \/><\/div><\/div><\/div><\/div>\n","protected":false},"excerpt":{"rendered":"","protected":false},"featured_media":1197,"comment_status":"open","ping_status":"closed","template":"","tags":[],"portfolio_entries":[28],"_links":{"self":[{"href":"https:\/\/www.magistrimediterranei.org\/ca\/wp-json\/wp\/v2\/portfolio\/849"}],"collection":[{"href":"https:\/\/www.magistrimediterranei.org\/ca\/wp-json\/wp\/v2\/portfolio"}],"about":[{"href":"https:\/\/www.magistrimediterranei.org\/ca\/wp-json\/wp\/v2\/types\/portfolio"}],"replies":[{"embeddable":true,"href":"https:\/\/www.magistrimediterranei.org\/ca\/wp-json\/wp\/v2\/comments?post=849"}],"version-history":[{"count":5,"href":"https:\/\/www.magistrimediterranei.org\/ca\/wp-json\/wp\/v2\/portfolio\/849\/revisions"}],"predecessor-version":[{"id":1207,"href":"https:\/\/www.magistrimediterranei.org\/ca\/wp-json\/wp\/v2\/portfolio\/849\/revisions\/1207"}],"wp:featuredmedia":[{"embeddable":true,"href":"https:\/\/www.magistrimediterranei.org\/ca\/wp-json\/wp\/v2\/media\/1197"}],"wp:attachment":[{"href":"https:\/\/www.magistrimediterranei.org\/ca\/wp-json\/wp\/v2\/media?parent=849"}],"wp:term":[{"taxonomy":"post_tag","embeddable":true,"href":"https:\/\/www.magistrimediterranei.org\/ca\/wp-json\/wp\/v2\/tags?post=849"},{"taxonomy":"portfolio_entries","embeddable":true,"href":"https:\/\/www.magistrimediterranei.org\/ca\/wp-json\/wp\/v2\/portfolio_entries?post=849"}],"curies":[{"name":"wp","href":"https:\/\/api.w.org\/{rel}","templated":true}]}}